{"id":932,"date":"2022-04-07T16:02:47","date_gmt":"2022-04-07T14:02:47","guid":{"rendered":"http:\/\/atelier-cuir.bzh\/?page_id=932"},"modified":"2022-04-08T17:06:46","modified_gmt":"2022-04-08T15:06:46","slug":"qui-suis-je","status":"publish","type":"page","link":"https:\/\/atelier-cuir.bzh\/index.php\/qui-suis-je\/","title":{"rendered":"Qui suis-je?"},"content":{"rendered":"\n\n\t\t\t\t<img loading=\"lazy\" decoding=\"async\" src=\"http:\/\/atelier-cuir.bzh\/wp-content\/uploads\/2020\/10\/IMG_5690-scaled.jpg\" alt=\"IMG_5690\" itemprop=\"image\" height=\"2560\" width=\"1707\" title=\"IMG_5690\" onerror=\"this.style.display='none'\"  \/>\n\t<p>&nbsp;<\/p>\n<p>&nbsp;<\/p>\n<p>&nbsp;<\/p>\n<p>Passionn\u00e9e par les chevaux depuis toujours et cavali\u00e8re depuis l&rsquo;enfance, j&rsquo;ai eu la chance d&rsquo;avoir pu \u00e9voluer dans divers milieux \u00e9questres tels que l&rsquo;endurance, le TREC, la randonn\u00e9e&#8230;<\/p>\n<p>Au niveau professionnel, j&rsquo;ai tout d&rsquo;abord suivi des \u00e9tudes dans le domaine du tourisme.<\/p>\n<p>Puis j&rsquo;ai souhait\u00e9 allier mes \u00e9tudes et cette passion du cheval en exer\u00e7ant le m\u00e9tier d&rsquo;accompagnatrice tourisme \u00e9questre et de monitrice d&rsquo;\u00e9quitation pendant de nombreuses ann\u00e9es.<\/p>\n<p>&nbsp;<\/p>\n\t<p>&nbsp;<\/p>\n<p>&nbsp;<\/p>\n<p>&nbsp;<\/p>\n<p>Apr\u00e8s de nombreuses ann\u00e9es d&rsquo;enseignement j&rsquo;ai d\u00fb envisager une reconversion professionnelle.<\/p>\n<p>Attir\u00e9e par les belles mati\u00e8res et le travail minutieux, c&rsquo;est spontan\u00e9ment que je me suis orient\u00e9e vers la sellerie et le harnachement.<\/p>\n\t\t\t\t<img loading=\"lazy\" decoding=\"async\" src=\"http:\/\/atelier-cuir.bzh\/wp-content\/uploads\/2020\/10\/Portable-Aude-20181127-279-scaled.jpg\" alt=\"Portable-Aude-20181127-279\" itemprop=\"image\" height=\"1920\" width=\"2560\" title=\"Portable-Aude-20181127-279\" onerror=\"this.style.display='none'\"  \/>\n\t\t\t\t<img loading=\"lazy\" decoding=\"async\" src=\"http:\/\/atelier-cuir.bzh\/wp-content\/uploads\/2020\/10\/Image2-1.png\" alt=\"Image2\" itemprop=\"image\" height=\"128\" width=\"390\" title=\"Image2\" onerror=\"this.style.display='none'\"  \/>\n\t\t\t\t<img loading=\"lazy\" decoding=\"async\" src=\"http:\/\/atelier-cuir.bzh\/wp-content\/uploads\/2022\/04\/107532495_1630996550398819_4184307502199628835_o.jpg\" alt=\"107532495_1630996550398819_4184307502199628835_o\" itemprop=\"image\" height=\"450\" width=\"600\" title=\"107532495_1630996550398819_4184307502199628835_o\" onerror=\"this.style.display='none'\"  \/>\n\t\t\t\t<img loading=\"lazy\" decoding=\"async\" src=\"http:\/\/atelier-cuir.bzh\/wp-content\/uploads\/2020\/11\/Capture-decran-2020-11-11-132007-300x205.png\" alt=\"Capture d'\u00e9cran 2020-11-11 132007\" itemprop=\"image\" height=\"205\" width=\"300\" title=\"Capture d'\u00e9cran 2020-11-11 132007\" onerror=\"this.style.display='none'\"  \/>\n\t<p>J&rsquo;ai eu la chance d&rsquo;\u00eatre form\u00e9e en 2019\/2020 au Haras National de La Roche sur Yon par Michel CHARRIER, meilleur ouvrier de France.<\/p>\n<p>Titulaire du CAP Sellier Harnacheur, je fonde la <strong>Sellerie Debuire<\/strong> et me sp\u00e9cialise dans la fabrication de selles sur-mesures.<\/p>\n<p>Au sein de mon atelier je vous propose des r\u00e9alisations artisanales alliant le respect de la tradition de la sellerie fran\u00e7aise et la recherche constante d&rsquo;un confort optimal.<\/p>\n<p>&nbsp;<\/p>\n\n","protected":false},"excerpt":{"rendered":"<p>&nbsp; &nbsp; &nbsp; Passionn\u00e9e par les chevaux depuis toujours et cavali\u00e8re depuis l&rsquo;enfance, j&rsquo;ai eu la chance d&rsquo;avoir pu \u00e9voluer dans divers milieux \u00e9questres tels que l&rsquo;endurance, le TREC, la randonn\u00e9e&#8230; Au niveau professionnel, j&rsquo;ai tout d&rsquo;abord suivi des \u00e9tudes dans le domaine du tourisme. Puis j&rsquo;ai souhait\u00e9 allier mes \u00e9tudes et cette passion du&hellip;<\/p>\n","protected":false},"author":1,"featured_media":0,"parent":0,"menu_order":0,"comment_status":"closed","ping_status":"closed","template":"","meta":{"footnotes":""},"_links":{"self":[{"href":"https:\/\/atelier-cuir.bzh\/index.php\/wp-json\/wp\/v2\/pages\/932"}],"collection":[{"href":"https:\/\/atelier-cuir.bzh\/index.php\/wp-json\/wp\/v2\/pages"}],"about":[{"href":"https:\/\/atelier-cuir.bzh\/index.php\/wp-json\/wp\/v2\/types\/page"}],"author":[{"embeddable":true,"href":"https:\/\/atelier-cuir.bzh\/index.php\/wp-json\/wp\/v2\/users\/1"}],"replies":[{"embeddable":true,"href":"https:\/\/atelier-cuir.bzh\/index.php\/wp-json\/wp\/v2\/comments?post=932"}],"version-history":[{"count":11,"href":"https:\/\/atelier-cuir.bzh\/index.php\/wp-json\/wp\/v2\/pages\/932\/revisions"}],"predecessor-version":[{"id":957,"href":"https:\/\/atelier-cuir.bzh\/index.php\/wp-json\/wp\/v2\/pages\/932\/revisions\/957"}],"wp:attachment":[{"href":"https:\/\/atelier-cuir.bzh\/index.php\/wp-json\/wp\/v2\/media?parent=932"}],"curies":[{"name":"wp","href":"https:\/\/api.w.org\/{rel}","templated":true}]}}